{"id":355,"date":"2021-12-22T18:20:46","date_gmt":"2021-12-22T17:20:46","guid":{"rendered":"http:\/\/www.civmilano.com\/?page_id=355"},"modified":"2023-07-19T15:27:46","modified_gmt":"2023-07-19T13:27:46","slug":"civis","status":"publish","type":"page","link":"https:\/\/www.civmilano.com\/it\/civis\/","title":{"rendered":"CIVis"},"content":{"rendered":"\t\t<div data-elementor-type=\"wp-page\" data-elementor-id=\"355\" class=\"elementor elementor-355\" data-elementor-post-type=\"page\">\n\t\t\t\t\t\t\t\t\t<section class=\"elementor-section elementor-top-section elementor-element elementor-element-91fa4f3 elementor-section-content-middle elementor-section-full_width elementor-section-height-default elementor-section-height-default\" data-id=\"91fa4f3\" data-element_type=\"section\" data-settings=\"{&quot;background_background&quot;:&quot;classic&quot;}\">\n\t\t\t\t\t\t<div class=\"elementor-container elementor-column-gap-no\">\n\t\t\t\t\t<div class=\"elementor-column elementor-col-100 elementor-top-column elementor-element elementor-element-32d2de0\" data-id=\"32d2de0\" data-element_type=\"column\">\n\t\t\t<div class=\"elementor-widget-wrap elementor-element-populated\">\n\t\t\t\t\t\t\t\t<div class=\"elementor-element elementor-element-b10eea9 premium-blog-align-left elementor-widget elementor-widget-premium-addon-blog\" data-id=\"b10eea9\" data-element_type=\"widget\" data-widget_type=\"premium-addon-blog.default\">\n\t\t\t\t<div class=\"elementor-widget-container\">\n\t\t\t\r\n\t\t\t\t<div class=\"premium-blog-wrap  premium-blog-list\" data-page=\"355\">\r\n\t\t\t\t\t<div class=\"premium-blog-post-outer-container\" data-total=\"10\">\r\n\t\t\t<div class=\"premium-blog-post-container premium-blog-skin-cards\">\r\n\t\t\t\t\t\t\t\t\t<div class=\"premium-blog-thumb-effect-wrapper\">\r\n\t\t\t\t\t\t<div class=\"premium-blog-thumbnail-container premium-blog-zoomin-effect\">\r\n\t\t\t\t\t\t\t\t\t\t\t<a href=\"https:\/\/www.civmilano.com\/it\/sostenibilita-un-focus-sul-cambiamento-climatico\/\" target=\"_self\">\r\n\t\t\t\t<img loading=\"lazy\" decoding=\"async\" width=\"2560\" height=\"1707\" src=\"https:\/\/www.civmilano.com\/wp-content\/uploads\/2023\/07\/beautiful-landscape-bamboo-grove-forest-arashiyama-kyoto-scaled.jpg\" class=\"attachment-full size-full wp-image-2702\" alt=\"\" srcset=\"https:\/\/www.civmilano.com\/wp-content\/uploads\/2023\/07\/beautiful-landscape-bamboo-grove-forest-arashiyama-kyoto-scaled.jpg 2560w, https:\/\/www.civmilano.com\/wp-content\/uploads\/2023\/07\/beautiful-landscape-bamboo-grove-forest-arashiyama-kyoto-300x200.jpg 300w, https:\/\/www.civmilano.com\/wp-content\/uploads\/2023\/07\/beautiful-landscape-bamboo-grove-forest-arashiyama-kyoto-1024x683.jpg 1024w, https:\/\/www.civmilano.com\/wp-content\/uploads\/2023\/07\/beautiful-landscape-bamboo-grove-forest-arashiyama-kyoto-768x512.jpg 768w, https:\/\/www.civmilano.com\/wp-content\/uploads\/2023\/07\/beautiful-landscape-bamboo-grove-forest-arashiyama-kyoto-1536x1024.jpg 1536w, https:\/\/www.civmilano.com\/wp-content\/uploads\/2023\/07\/beautiful-landscape-bamboo-grove-forest-arashiyama-kyoto-2048x1365.jpg 2048w\" sizes=\"auto, (max-width: 2560px) 100vw, 2560px\" \/>\t\t\t\t<\/a>\r\n\t\t\t\t\t\t\t\t\t\t<\/div>\r\n\t\t\t\t\t\t\t\t\t\t\t\t\t<div class=\"premium-blog-effect-container premium-blog-framed-effect\">\r\n\t\t\t\t\t\t\t\t<a class=\"premium-blog-post-link\" href=\"https:\/\/www.civmilano.com\/it\/sostenibilita-un-focus-sul-cambiamento-climatico\/\" target=\"_self\"><span>SOSTENIBILIT\u00c0 &#8211; un focus sul cambiamento climatico<\/span><\/a>\r\n\t\t\t\t\t\t\t\t\t\t\t\t\t\t\t<\/div>\r\n\t\t\t\t\t\t\t\t\t\t\t<\/div>\r\n\t\t\t\t\t\t\t\t\t\t\t\t\t\t\t\t\t\t\t\t\t<div class=\"premium-blog-content-wrapper \">\r\n\r\n\t\t\t\t\t<div class=\"premium-blog-inner-container\">\r\n\r\n\t\t\t\t\t\t\t\t\t\t\t\t\t\t<h2 class=\"premium-blog-entry-title\">\r\n\t\t\t<a href=\"https:\/\/www.civmilano.com\/it\/sostenibilita-un-focus-sul-cambiamento-climatico\/\" target=\"_self\">\r\n\t\t\t\tSOSTENIBILIT\u00c0 &#8211; un focus sul cambiamento climatico\t\t\t<\/a>\r\n\t\t<\/h2>\r\n\t\t\r\n\t\t\t\t\t<\/div>\r\n\r\n\t\t\t\t\t\t\t<div class=\"premium-blob-content-inner-wrapper\">\r\n\t\t<p class=\"premium-blog-post-content\">CIV coglie la sfida della realizzazione del Bene Comune, attraverso la comprensione della multidimensionalit\u00e0 del capitale. Pertanto, CIV \u00e8 un soggetto economico che intende produrre innovazione in materia di sostenibilit\u00e0 facendo economie (al plurale!) e presidiando i mercati dei capitali e dei privati. In questo senso, per CIV la finanza rappresenta un mezzo e non [&hellip;]<\/p>\t\t <\/div>\r\n\t\t \t\t<div class=\"premium-blog-entry-meta\">\r\n\t\t\t\r\n\t\t\t\r\n\t\t\t\r\n\t\t\t\t\t<\/div>\r\n\t\t\t\t\t\t\t\r\n\t\t\t\t<\/div>\r\n\t\t\t<\/div>\r\n\t\t<\/div>\r\n\r\n\t\t\t\t<\/div>\r\n\r\n\t\t\t\t<\/div>\n\t\t\t\t<\/div>\n\t\t\t\t\t<\/div>\n\t\t<\/div>\n\t\t\t\t\t\t\t<\/div>\n\t\t<\/section>\n\t\t\t\t<section class=\"elementor-section elementor-top-section elementor-element elementor-element-ff56e89 elementor-section-content-middle elementor-section-full_width elementor-section-height-default elementor-section-height-default\" data-id=\"ff56e89\" data-element_type=\"section\" data-settings=\"{&quot;background_background&quot;:&quot;classic&quot;}\">\n\t\t\t\t\t\t<div class=\"elementor-container elementor-column-gap-no\">\n\t\t\t\t\t<div class=\"elementor-column elementor-col-100 elementor-top-column elementor-element elementor-element-056a9ae\" data-id=\"056a9ae\" data-element_type=\"column\">\n\t\t\t<div class=\"elementor-widget-wrap elementor-element-populated\">\n\t\t\t\t\t\t\t\t<div class=\"elementor-element elementor-element-e9a770f premium-blog-align-left elementor-widget elementor-widget-premium-addon-blog\" data-id=\"e9a770f\" data-element_type=\"widget\" data-settings=\"{&quot;premium_blog_columns_number&quot;:&quot;33.33%&quot;,&quot;premium_blog_grid&quot;:&quot;yes&quot;,&quot;premium_blog_layout&quot;:&quot;even&quot;,&quot;premium_blog_columns_number_tablet&quot;:&quot;50%&quot;,&quot;premium_blog_columns_number_mobile&quot;:&quot;100%&quot;}\" data-widget_type=\"premium-addon-blog.default\">\n\t\t\t\t<div class=\"elementor-widget-container\">\n\t\t\t\r\n\t\t\t\t<div class=\"premium-blog-wrap  premium-blog-even\" data-page=\"355\">\r\n\t\t\t\t\t<div class=\"premium-blog-post-outer-container\" data-total=\"3\">\r\n\t\t\t<div class=\"premium-blog-post-container premium-blog-skin-cards\">\r\n\t\t\t\t\t\t\t\t\t<div class=\"premium-blog-thumb-effect-wrapper\">\r\n\t\t\t\t\t\t<div class=\"premium-blog-thumbnail-container premium-blog-zoomin-effect\">\r\n\t\t\t\t\t\t\t\t\t\t\t<a href=\"https:\/\/www.civmilano.com\/it\/sostenibilita-un-focus-sul-cambiamento-climatico\/\" target=\"_self\">\r\n\t\t\t\t<img loading=\"lazy\" decoding=\"async\" width=\"2560\" height=\"1707\" src=\"https:\/\/www.civmilano.com\/wp-content\/uploads\/2023\/07\/beautiful-landscape-bamboo-grove-forest-arashiyama-kyoto-scaled.jpg\" class=\"attachment-full size-full wp-image-2702\" alt=\"\" srcset=\"https:\/\/www.civmilano.com\/wp-content\/uploads\/2023\/07\/beautiful-landscape-bamboo-grove-forest-arashiyama-kyoto-scaled.jpg 2560w, https:\/\/www.civmilano.com\/wp-content\/uploads\/2023\/07\/beautiful-landscape-bamboo-grove-forest-arashiyama-kyoto-300x200.jpg 300w, https:\/\/www.civmilano.com\/wp-content\/uploads\/2023\/07\/beautiful-landscape-bamboo-grove-forest-arashiyama-kyoto-1024x683.jpg 1024w, https:\/\/www.civmilano.com\/wp-content\/uploads\/2023\/07\/beautiful-landscape-bamboo-grove-forest-arashiyama-kyoto-768x512.jpg 768w, https:\/\/www.civmilano.com\/wp-content\/uploads\/2023\/07\/beautiful-landscape-bamboo-grove-forest-arashiyama-kyoto-1536x1024.jpg 1536w, https:\/\/www.civmilano.com\/wp-content\/uploads\/2023\/07\/beautiful-landscape-bamboo-grove-forest-arashiyama-kyoto-2048x1365.jpg 2048w\" sizes=\"auto, (max-width: 2560px) 100vw, 2560px\" \/>\t\t\t\t<\/a>\r\n\t\t\t\t\t\t\t\t\t\t<\/div>\r\n\t\t\t\t\t\t\t\t\t\t\t\t\t<div class=\"premium-blog-effect-container premium-blog-framed-effect\">\r\n\t\t\t\t\t\t\t\t<a class=\"premium-blog-post-link\" href=\"https:\/\/www.civmilano.com\/it\/sostenibilita-un-focus-sul-cambiamento-climatico\/\" target=\"_self\"><span>SOSTENIBILIT\u00c0 &#8211; un focus sul cambiamento climatico<\/span><\/a>\r\n\t\t\t\t\t\t\t\t\t\t\t\t\t\t\t<\/div>\r\n\t\t\t\t\t\t\t\t\t\t\t<\/div>\r\n\t\t\t\t\t\t\t\t\t\t\t\t\t\t\t\t\t\t\t\t\t<div class=\"premium-blog-content-wrapper \">\r\n\r\n\t\t\t\t\t<div class=\"premium-blog-inner-container\">\r\n\r\n\t\t\t\t\t\t\t\t\t\t\t\t\t\t<h2 class=\"premium-blog-entry-title\">\r\n\t\t\t<a href=\"https:\/\/www.civmilano.com\/it\/sostenibilita-un-focus-sul-cambiamento-climatico\/\" target=\"_self\">\r\n\t\t\t\tSOSTENIBILIT\u00c0 &#8211; un focus sul cambiamento climatico\t\t\t<\/a>\r\n\t\t<\/h2>\r\n\t\t\r\n\t\t\t\t\t<\/div>\r\n\r\n\t\t\t\t\t\t\t<div class=\"premium-blob-content-inner-wrapper premium-blob-content-inner-wrapper\">\r\n\t\t<p class=\"premium-blog-post-content\">CIV coglie la sfida della realizzazione del Bene Comune, attraverso la comprensione della multidimensionalit\u00e0 del capitale. Pertanto, CIV \u00e8 un soggetto economico che intende produrre innovazione in materia di sostenibilit\u00e0 \u2026<\/p>\t\t <\/div>\r\n\t\t \t\t<div class=\"premium-blog-entry-meta\">\r\n\t\t\t\r\n\t\t\t\r\n\t\t\t\r\n\t\t\t\t\t<\/div>\r\n\t\t\t\t\t\t\t\r\n\t\t\t\t<\/div>\r\n\t\t\t<\/div>\r\n\t\t<\/div>\r\n\r\n\t\t\t\t<div class=\"premium-blog-post-outer-container\" data-total=\"3\">\r\n\t\t\t<div class=\"premium-blog-post-container premium-blog-skin-cards\">\r\n\t\t\t\t\t\t\t\t\t<div class=\"premium-blog-thumb-effect-wrapper\">\r\n\t\t\t\t\t\t<div class=\"premium-blog-thumbnail-container premium-blog-zoomin-effect\">\r\n\t\t\t\t\t\t\t\t\t\t\t<a href=\"https:\/\/www.civmilano.com\/it\/viaggio-al-termine-della-notte\/\" target=\"_self\">\r\n\t\t\t\t<img loading=\"lazy\" decoding=\"async\" width=\"2560\" height=\"1707\" src=\"https:\/\/www.civmilano.com\/wp-content\/uploads\/2022\/08\/2-Puglisi-scaled.jpg\" class=\"attachment-full size-full wp-image-2246\" alt=\"\" srcset=\"https:\/\/www.civmilano.com\/wp-content\/uploads\/2022\/08\/2-Puglisi-scaled.jpg 2560w, https:\/\/www.civmilano.com\/wp-content\/uploads\/2022\/08\/2-Puglisi-300x200.jpg 300w, https:\/\/www.civmilano.com\/wp-content\/uploads\/2022\/08\/2-Puglisi-1024x683.jpg 1024w, https:\/\/www.civmilano.com\/wp-content\/uploads\/2022\/08\/2-Puglisi-768x512.jpg 768w, https:\/\/www.civmilano.com\/wp-content\/uploads\/2022\/08\/2-Puglisi-1536x1024.jpg 1536w, https:\/\/www.civmilano.com\/wp-content\/uploads\/2022\/08\/2-Puglisi-2048x1365.jpg 2048w\" sizes=\"auto, (max-width: 2560px) 100vw, 2560px\" \/>\t\t\t\t<\/a>\r\n\t\t\t\t\t\t\t\t\t\t<\/div>\r\n\t\t\t\t\t\t\t\t\t\t\t\t\t<div class=\"premium-blog-effect-container premium-blog-framed-effect\">\r\n\t\t\t\t\t\t\t\t<a class=\"premium-blog-post-link\" href=\"https:\/\/www.civmilano.com\/it\/viaggio-al-termine-della-notte\/\" target=\"_self\"><span>Viaggio alla fine della notte<\/span><\/a>\r\n\t\t\t\t\t\t\t\t\t\t\t\t\t\t\t<\/div>\r\n\t\t\t\t\t\t\t\t\t\t\t<\/div>\r\n\t\t\t\t\t\t\t\t\t\t\t\t\t\t\t\t\t\t\t\t\t<div class=\"premium-blog-content-wrapper \">\r\n\r\n\t\t\t\t\t<div class=\"premium-blog-inner-container\">\r\n\r\n\t\t\t\t\t\t\t\t\t\t\t\t\t\t<h2 class=\"premium-blog-entry-title\">\r\n\t\t\t<a href=\"https:\/\/www.civmilano.com\/it\/viaggio-al-termine-della-notte\/\" target=\"_self\">\r\n\t\t\t\tViaggio alla fine della notte\t\t\t<\/a>\r\n\t\t<\/h2>\r\n\t\t\r\n\t\t\t\t\t<\/div>\r\n\r\n\t\t\t\t\t\t\t<div class=\"premium-blob-content-inner-wrapper\">\r\n\t\t<p class=\"premium-blog-post-content\">CIV persegue i propri valori vocazionali promuovendo il percorso dei talenti artistici italiani, sposando in tal senso la missione di Lorenzo Puglisi e la sua partecipazione alla 59\u00b0 Biennale di \u2026<\/p>\t\t <\/div>\r\n\t\t \t\t<div class=\"premium-blog-entry-meta\">\r\n\t\t\t\r\n\t\t\t\r\n\t\t\t\r\n\t\t\t\t\t<\/div>\r\n\t\t\t\t\t\t\t\r\n\t\t\t\t<\/div>\r\n\t\t\t<\/div>\r\n\t\t<\/div>\r\n\r\n\t\t\t\t<div class=\"premium-blog-post-outer-container\" data-total=\"3\">\r\n\t\t\t<div class=\"premium-blog-post-container premium-blog-skin-cards\">\r\n\t\t\t\t\t\t\t\t\t<div class=\"premium-blog-thumb-effect-wrapper\">\r\n\t\t\t\t\t\t<div class=\"premium-blog-thumbnail-container premium-blog-zoomin-effect\">\r\n\t\t\t\t\t\t\t\t\t\t\t<a href=\"https:\/\/www.civmilano.com\/it\/wetomorrow\/\" target=\"_self\">\r\n\t\t\t\t<img loading=\"lazy\" decoding=\"async\" width=\"1024\" height=\"683\" src=\"https:\/\/www.civmilano.com\/wp-content\/uploads\/2022\/07\/wetomorrow-1.png\" class=\"attachment-full size-full wp-image-2204\" alt=\"\" srcset=\"https:\/\/www.civmilano.com\/wp-content\/uploads\/2022\/07\/wetomorrow-1.png 1024w, https:\/\/www.civmilano.com\/wp-content\/uploads\/2022\/07\/wetomorrow-1-300x200.png 300w, https:\/\/www.civmilano.com\/wp-content\/uploads\/2022\/07\/wetomorrow-1-768x512.png 768w\" sizes=\"auto, (max-width: 1024px) 100vw, 1024px\" \/>\t\t\t\t<\/a>\r\n\t\t\t\t\t\t\t\t\t\t<\/div>\r\n\t\t\t\t\t\t\t\t\t\t\t\t\t<div class=\"premium-blog-effect-container premium-blog-framed-effect\">\r\n\t\t\t\t\t\t\t\t<a class=\"premium-blog-post-link\" href=\"https:\/\/www.civmilano.com\/it\/wetomorrow\/\" target=\"_self\"><span>We Tomorrow<\/span><\/a>\r\n\t\t\t\t\t\t\t\t\t\t\t\t\t\t\t<\/div>\r\n\t\t\t\t\t\t\t\t\t\t\t<\/div>\r\n\t\t\t\t\t\t\t\t\t\t\t\t\t\t\t\t\t\t\t\t\t<div class=\"premium-blog-content-wrapper \">\r\n\r\n\t\t\t\t\t<div class=\"premium-blog-inner-container\">\r\n\r\n\t\t\t\t\t\t\t\t\t\t\t\t\t\t<h2 class=\"premium-blog-entry-title\">\r\n\t\t\t<a href=\"https:\/\/www.civmilano.com\/it\/wetomorrow\/\" target=\"_self\">\r\n\t\t\t\tWe Tomorrow\t\t\t<\/a>\r\n\t\t<\/h2>\r\n\t\t\r\n\t\t\t\t\t<\/div>\r\n\r\n\t\t\t\t\t\t\t<div class=\"premium-blob-content-inner-wrapper\">\r\n\t\t<p class=\"premium-blog-post-content\">463 million students around the world have no access to remote lessons. WeTomorrow provides modern education infrastructure and selected materials as well as edutainment programs and ongoing remote English lessons \u2026<\/p>\t\t <\/div>\r\n\t\t \t\t<div class=\"premium-blog-entry-meta\">\r\n\t\t\t\r\n\t\t\t\r\n\t\t\t\r\n\t\t\t\t\t<\/div>\r\n\t\t\t\t\t\t\t\r\n\t\t\t\t<\/div>\r\n\t\t\t<\/div>\r\n\t\t<\/div>\r\n\r\n\t\t\t\t<div class=\"premium-blog-post-outer-container\" data-total=\"3\">\r\n\t\t\t<div class=\"premium-blog-post-container premium-blog-skin-cards\">\r\n\t\t\t\t\t\t\t\t\t<div class=\"premium-blog-thumb-effect-wrapper\">\r\n\t\t\t\t\t\t<div class=\"premium-blog-thumbnail-container premium-blog-zoomin-effect\">\r\n\t\t\t\t\t\t\t\t\t\t\t<a href=\"https:\/\/www.civmilano.com\/it\/come-una-piuma\/\" target=\"_self\">\r\n\t\t\t\t<img loading=\"lazy\" decoding=\"async\" width=\"1816\" height=\"1461\" src=\"https:\/\/www.civmilano.com\/wp-content\/uploads\/2022\/04\/Unknown-2.jpeg\" class=\"attachment-full size-full wp-image-2049\" alt=\"\" srcset=\"https:\/\/www.civmilano.com\/wp-content\/uploads\/2022\/04\/Unknown-2.jpeg 1816w, https:\/\/www.civmilano.com\/wp-content\/uploads\/2022\/04\/Unknown-2-300x241.jpeg 300w, https:\/\/www.civmilano.com\/wp-content\/uploads\/2022\/04\/Unknown-2-1024x824.jpeg 1024w, https:\/\/www.civmilano.com\/wp-content\/uploads\/2022\/04\/Unknown-2-768x618.jpeg 768w, https:\/\/www.civmilano.com\/wp-content\/uploads\/2022\/04\/Unknown-2-1536x1236.jpeg 1536w\" sizes=\"auto, (max-width: 1816px) 100vw, 1816px\" \/>\t\t\t\t<\/a>\r\n\t\t\t\t\t\t\t\t\t\t<\/div>\r\n\t\t\t\t\t\t\t\t\t\t\t\t\t<div class=\"premium-blog-effect-container premium-blog-framed-effect\">\r\n\t\t\t\t\t\t\t\t<a class=\"premium-blog-post-link\" href=\"https:\/\/www.civmilano.com\/it\/come-una-piuma\/\" target=\"_self\"><span>Come una piuma<\/span><\/a>\r\n\t\t\t\t\t\t\t\t\t\t\t\t\t\t\t<\/div>\r\n\t\t\t\t\t\t\t\t\t\t\t<\/div>\r\n\t\t\t\t\t\t\t\t\t\t\t\t\t\t\t\t\t\t\t\t\t<div class=\"premium-blog-content-wrapper \">\r\n\r\n\t\t\t\t\t<div class=\"premium-blog-inner-container\">\r\n\r\n\t\t\t\t\t\t\t\t\t\t\t\t\t\t<h2 class=\"premium-blog-entry-title\">\r\n\t\t\t<a href=\"https:\/\/www.civmilano.com\/it\/come-una-piuma\/\" target=\"_self\">\r\n\t\t\t\tCome una piuma\t\t\t<\/a>\r\n\t\t<\/h2>\r\n\t\t\r\n\t\t\t\t\t<\/div>\r\n\r\n\t\t\t\t\t\t\t<div class=\"premium-blob-content-inner-wrapper\">\r\n\t\t<p class=\"premium-blog-post-content\">La storia della passione di Francesca Cesarini, giovane atleta italiana di Para Pole Dance, vincitrice dei Campionati Italiani e dei Mondiali di disciplina. Francesca Cesarini, 15 anni, \u00e8 nata senza \u2026<\/p>\t\t <\/div>\r\n\t\t \t\t<div class=\"premium-blog-entry-meta\">\r\n\t\t\t\r\n\t\t\t\r\n\t\t\t\r\n\t\t\t\t\t<\/div>\r\n\t\t\t\t\t\t\t\r\n\t\t\t\t<\/div>\r\n\t\t\t<\/div>\r\n\t\t<\/div>\r\n\r\n\t\t\t\t<\/div>\r\n\r\n\t\t\t\t<\/div>\n\t\t\t\t<\/div>\n\t\t\t\t\t<\/div>\n\t\t<\/div>\n\t\t\t\t\t\t\t<\/div>\n\t\t<\/section>\n\t\t\t\t\t\t\t<\/div>\n\t\t","protected":false},"excerpt":{"rendered":"<p>SUSTAINABILITY \u2013 A FOCUS ON CLIMATE CHANGE\u200b CIV takes up the challenge of realizing the Common Good, through the understanding of the multidimensionality of capital. Therefore, CIV is an economic entity that aims to produce sustainability innovation by transforming economies (in plural!) and presiding over capital and private markets. Within this framework, finance is intended [&hellip;]<\/p>\n","protected":false},"author":1,"featured_media":0,"parent":0,"menu_order":0,"comment_status":"closed","ping_status":"closed","template":"","meta":{"footnotes":""},"class_list":["post-355","page","type-page","status-publish","hentry"],"_links":{"self":[{"href":"https:\/\/www.civmilano.com\/it\/wp-json\/wp\/v2\/pages\/355","targetHints":{"allow":["GET"]}}],"collection":[{"href":"https:\/\/www.civmilano.com\/it\/wp-json\/wp\/v2\/pages"}],"about":[{"href":"https:\/\/www.civmilano.com\/it\/wp-json\/wp\/v2\/types\/page"}],"author":[{"embeddable":true,"href":"https:\/\/www.civmilano.com\/it\/wp-json\/wp\/v2\/users\/1"}],"replies":[{"embeddable":true,"href":"https:\/\/www.civmilano.com\/it\/wp-json\/wp\/v2\/comments?post=355"}],"version-history":[{"count":74,"href":"https:\/\/www.civmilano.com\/it\/wp-json\/wp\/v2\/pages\/355\/revisions"}],"predecessor-version":[{"id":2735,"href":"https:\/\/www.civmilano.com\/it\/wp-json\/wp\/v2\/pages\/355\/revisions\/2735"}],"wp:attachment":[{"href":"https:\/\/www.civmilano.com\/it\/wp-json\/wp\/v2\/media?parent=355"}],"curies":[{"name":"wp","href":"https:\/\/api.w.org\/{rel}","templated":true}]}}